{"id":3,"date":"2020-03-21T11:43:51","date_gmt":"2020-03-21T10:43:51","guid":{"rendered":"https:\/\/timammdouar.fr\/?page_id=3"},"modified":"2026-04-27T16:38:42","modified_gmt":"2026-04-27T14:38:42","slug":"mentions-legales","status":"publish","type":"page","link":"https:\/\/timammdouar.fr\/en\/mentions-legales\/","title":{"rendered":"Mentions l\u00e9gales"},"content":{"rendered":"<div class=\"alignwide wp-block-ugb-container ugb-container container_xmargin_10vw ugb-container--width-small ugb-990ee2e ugb-container--v2 ugb-container--design-plain ugb-main-block\"><div class=\"ugb-inner-block\"><div class=\"ugb-block-content\"><div class=\"ugb-container__wrapper ugb-990ee2e-wrapper\"><div class=\"ugb-container__side\"><div class=\"ugb-container__content-wrapper ugb-990ee2e-content-wrapper\">\n<div class=\"wp-block-getwid-advanced-heading\"><h2 class=\"wp-block-getwid-advanced-heading__content\" style=\"text-align:center;font-weight:500\">Mentions l\u00e9gales<\/h2><\/div>\n\n\n\n<div class=\"wp-block-getwid-advanced-heading\"><h3 class=\"wp-block-getwid-advanced-heading__content\" style=\"font-weight:normal\">Propri\u00e9t\u00e9 intellectuelle<\/h3><\/div>\n\n\n\n<p>Ce site Internet constitue une \u0153uvre prot\u00e9g\u00e9e en France par le Code de la Propri\u00e9t\u00e9 Intellectuelle, et \u00e0 l&rsquo;\u00e9tranger par les conventions internationales en vigueur sur le droit d&rsquo;auteur. Toute reproduction ou utilisation d&rsquo;\u00e9l\u00e9ments du site <strong>TI MAMM DOUAR<\/strong> sans autorisation \u00e9crite pr\u00e9alable est strictement interdite et constitue un d\u00e9lit de contrefa\u00e7on passible, aux termes de l&rsquo;article L.335-2 du Code de la Propri\u00e9t\u00e9 Intellectuelle, de trois ans d&#8217;emprisonnement et de 300&nbsp;000&nbsp;\u20ac d&rsquo;amende.<br>Par ailleurs, les noms de produits ou d&rsquo;entreprises mentionn\u00e9s sur le site <strong>TI MAMM DOUAR<\/strong> peuvent \u00eatre des marques commerciales ou des marques d\u00e9pos\u00e9es appartenant \u00e0 des tiers et prot\u00e9g\u00e9es \u00e0 ce titre par le Code de la Propri\u00e9t\u00e9 Intellectuelle.<\/p>\n\n\n\n<div class=\"wp-block-getwid-advanced-heading\"><h3 class=\"wp-block-getwid-advanced-heading__content\" style=\"font-weight:normal\">Limitation de responsabilit\u00e9<\/h3><\/div>\n\n\n\n<p>La responsabilit\u00e9 de l&rsquo;Editeur est limit\u00e9e aux dommages directs et pr\u00e9visibles pouvant r\u00e9sulter de l&rsquo;utilisation du site TI MAMM DOUAR, \u00e0 l&rsquo;exclusion de tout dommage indirect. L&rsquo;Editeur n&rsquo;accorde aucune garantie concernant le fonctionnement du r\u00e9seau de t\u00e9l\u00e9communication ou bien concernant le fonctionnement du syst\u00e8me informatique permettant l&rsquo;acc\u00e8s au site TI MAMM DOUAR.<br> Par ailleurs, l&rsquo;Editeur n&rsquo;est pas responsable de l&rsquo;insertion \u00e9ventuelle d&rsquo;un lien vers le site TI MAMM DOUAR dans des sites jug\u00e9s illicites ou au contenu choquant (pornographie, incitation \u00e0 la haine raciale, promotion des sectes, piratage informatique, etc.).<\/p>\n\n\n\n<div class=\"wp-block-getwid-advanced-heading\"><h3 class=\"wp-block-getwid-advanced-heading__content\" style=\"font-weight:normal\">Publication<\/h3><\/div>\n\n\n\n<p><strong>TI MAMM DOUAR<br> <\/strong>GWENDOLINE DEB\u00c9THUNE<br> Ar Vern &#8211; 29520 LAZ<br> Entreprise agricole individuelle<br> SIREN : 878 421 023<br> SIRET : 878 421 023 00010<br> T\u00e9l\u00e9phone : 07.77.46.31.19<br> E-mail : timammdouar@gmail.com<br> Site web : <a href=\"https:\/\/timammdouar.fr\/en\/\">https:\/\/timammdouar.fr\/<\/a><\/p>\n\n\n\n<div class=\"wp-block-getwid-advanced-heading\"><h2 class=\"wp-block-getwid-advanced-heading__content\" style=\"text-align:center;font-weight:500;padding-top:100px\">Politique de confidentialit\u00e9<\/h2><\/div>\n\n\n\n<div class=\"wp-block-getwid-advanced-heading\"><h3 class=\"wp-block-getwid-advanced-heading__content\" style=\"font-weight:normal\">D\u00e9finitions<\/h3><\/div>\n\n\n\n<p><strong>Client&nbsp;:<\/strong>&nbsp;tout professionnel ou personne physique capable au sens des articles 1123 et suivants du Code civil, ou personne morale, qui visite le Site objet des pr\u00e9sentes conditions g\u00e9n\u00e9rales.<br><strong> Prestations et Services&nbsp;:<\/strong> https:\/\/timammdouar.fr\/ met \u00e0 disposition des Clients&nbsp;:<br><br> <strong>Contenu&nbsp;:<\/strong>&nbsp;Ensemble des \u00e9l\u00e9ments constituants l\u2019information pr\u00e9sente sur le Site, notamment textes \u2013 images \u2013 vid\u00e9os.<br><br> <strong>Informations clients&nbsp;:<\/strong> Ci apr\u00e8s d\u00e9nomm\u00e9 \u00ab&nbsp;Information (s)&nbsp;\u00bb qui correspondent \u00e0 l\u2019ensemble des donn\u00e9es personnelles susceptibles d\u2019\u00eatre d\u00e9tenues par <a href=\"https:\/\/timammdouar.fr\/en\/\">https:\/\/timammdouar.fr\/<\/a> pour la gestion de votre compte, de la gestion de la relation client et \u00e0 des fins d\u2019analyses et de statistiques.<br><br> <strong>Utilisateur :<\/strong> Internaute se connectant, utilisant le site susnomm\u00e9.<br><br> <strong>Informations personnelles : <\/strong>\u00ab Les informations qui permettent, sous quelque forme que ce soit, directement ou non, l&rsquo;identification des personnes physiques auxquelles elles s&rsquo;appliquent \u00bb (article 4 de la loi n\u00b0 78-17 du 6 janvier 1978).<br><br> Les termes \u00ab&nbsp;donn\u00e9es \u00e0 caract\u00e8re personnel&nbsp;\u00bb, \u00ab&nbsp;personne concern\u00e9e&nbsp;\u00bb, \u00ab&nbsp;sous traitant&nbsp;\u00bb et \u00ab&nbsp;donn\u00e9es sensibles&nbsp;\u00bb ont le sens d\u00e9fini par le R\u00e8glement G\u00e9n\u00e9ral sur la Protection des Donn\u00e9es (RGPD&nbsp;: n\u00b0 2016-679)<\/p>\n\n\n\n<div class=\"wp-block-getwid-advanced-heading\" style=\"margin-top:45px\"><h3 class=\"wp-block-getwid-advanced-heading__content\" style=\"font-weight:normal\">1 . Pr\u00e9sentation du site internet. <\/h3><\/div>\n\n\n\n<p>En vertu de l&rsquo;article 6 de la loi n\u00b0 2004-575 du 21 juin 2004 pour la confiance dans l&rsquo;\u00e9conomie num\u00e9rique, il est pr\u00e9cis\u00e9 aux utilisateurs du site internet\u00a0 <a href=\"https:\/\/timammdouar.fr\/en\/\">https:\/\/timammdouar.fr\/<\/a> \u00a0l&rsquo;identit\u00e9 des diff\u00e9rents intervenants dans le cadre de sa r\u00e9alisation et de son suivi:<br><br> <strong>Propri\u00e9taire :<\/strong> Entreprise individuelle GWENDOLINE DEB\u00c9THUNE TI MAMM DOUAR \u2013 Ar Vern, 29520 LAZ<br><br> <strong>Responsable publication :<\/strong> Gwendoline Deb\u00e9thune<br> <strong>Webmaster :<\/strong> Gwendoline Deb\u00e9thune<br> <strong>H\u00e9bergeur :<\/strong> <br><br> <strong>1&amp;1 Internet SARL <\/strong><br> SARL au capital de 100 000 EUR<br> RCS Sarreguemines B 431 303 775<br> SIRET 431 303 775 000 16<br> Code APE: 6201Z<br> Identification intracommunautaire FR 13 431303775<br><br> <strong>1&amp;1 IONOS Cloud GmbH<\/strong><br> GmbH au capital de 5 814 171 EUR<br> RCS Charlottenburg HRB 125506 B<br> SIRET 29 026 63822<br><br><strong>D\u00e9l\u00e9gu\u00e9 \u00e0 la protection des donn\u00e9es : <\/strong>DEB\u00c9THUNE \u2013 timammdouar@gmail.com<br><br>Les mentions l\u00e9gales sont issues du mod\u00e8le propos\u00e9 par le <a aria-label=\"g\u00e9n\u00e9rateur de mentions l\u00e9gales RGPD d'Orson.io (opens in a new tab)\" href=\"https:\/\/fr.orson.io\/1371\/generateur-mentions-legales\" target=\"_blank\" rel=\"noreferrer noopener\">g\u00e9n\u00e9rateur de mentions l\u00e9gales RGPD d&rsquo;Orson.io<\/a><\/p>\n\n\n\n<div class=\"wp-block-getwid-advanced-heading\" style=\"margin-top:45px\"><h3 class=\"wp-block-getwid-advanced-heading__content\" style=\"font-weight:normal\">2 . Conditions g\u00e9n\u00e9rales d\u2019utilisation du site et des services propos\u00e9s.<\/h3><\/div>\n\n\n\n<p>Le site constitue une \u0153uvre de l\u2019esprit prot\u00e9g\u00e9e par les dispositions du Code de la Propri\u00e9t\u00e9 Intellectuelle et des R\u00e9glementations Internationales applicables. Le Client ne peut en aucune mani\u00e8re r\u00e9utiliser, c\u00e9der ou exploiter pour son propre compte tout ou partie des \u00e9l\u00e9ments ou travaux du Site.<br><br> L\u2019utilisation du site&nbsp; <a href=\"https:\/\/timammdouar.fr\/en\/\">https:\/\/timammdouar.fr\/<\/a> &nbsp;implique l\u2019acceptation pleine et enti\u00e8re des conditions g\u00e9n\u00e9rales d\u2019utilisation ci-apr\u00e8s d\u00e9crites. Ces conditions d\u2019utilisation sont susceptibles d\u2019\u00eatre modifi\u00e9es ou compl\u00e9t\u00e9es \u00e0 tout moment, les utilisateurs du site&nbsp; <a href=\"https:\/\/timammdouar.fr\/en\/\">https:\/\/timammdouar.fr\/<\/a> sont donc invit\u00e9s \u00e0 les consulter de mani\u00e8re r\u00e9guli\u00e8re.<br><br> Ce site internet est normalement accessible \u00e0 tout moment aux utilisateurs. Une interruption pour raison de maintenance technique peut \u00eatre toutefois d\u00e9cid\u00e9e par <a href=\"https:\/\/timammdouar.fr\/en\/\">https:\/\/timammdouar.fr\/<\/a> , qui s\u2019efforcera alors de communiquer pr\u00e9alablement aux utilisateurs les dates et heures de l\u2019intervention. Le site web&nbsp; <a href=\"https:\/\/timammdouar.fr\/en\/\">https:\/\/timammdouar.fr\/<\/a> est mis \u00e0 jour r\u00e9guli\u00e8rement par <a href=\"https:\/\/timammdouar.fr\/en\/\">https:\/\/timammdouar.fr\/<\/a> responsable. De la m\u00eame fa\u00e7on, les mentions l\u00e9gales peuvent \u00eatre modifi\u00e9es \u00e0 tout moment : elles s\u2019imposent n\u00e9anmoins \u00e0 l\u2019utilisateur qui est invit\u00e9 \u00e0 s\u2019y r\u00e9f\u00e9rer le plus souvent possible afin d\u2019en prendre connaissance.<\/p>\n\n\n\n<div class=\"wp-block-getwid-advanced-heading\" style=\"margin-top:45px\"><h3 class=\"wp-block-getwid-advanced-heading__content\" style=\"font-weight:normal\">3 . Description des services fournis.<\/h3><\/div>\n\n\n\n<p>Le site internet&nbsp; <a href=\"https:\/\/timammdouar.fr\/en\/\">https:\/\/timammdouar.fr\/<\/a> a pour objet de fournir une information concernant l\u2019ensemble des activit\u00e9s de la soci\u00e9t\u00e9. <a href=\"https:\/\/timammdouar.fr\/en\/\">https:\/\/timammdouar.fr\/<\/a> s\u2019efforce de fournir sur le site&nbsp; <a href=\"https:\/\/timammdouar.fr\/en\/\">https:\/\/timammdouar.fr\/<\/a> des informations aussi pr\u00e9cises que possible. Toutefois, il ne pourra \u00eatre tenu responsable des oublis, des inexactitudes et des carences dans la mise \u00e0 jour, qu\u2019elles soient de son fait ou du fait des tiers partenaires qui lui fournissent ces informations.<br><br> Toutes les informations indiqu\u00e9es sur le site&nbsp; <a href=\"https:\/\/timammdouar.fr\/en\/\">https:\/\/timammdouar.fr\/<\/a> sont donn\u00e9es \u00e0 titre indicatif, et sont susceptibles d\u2019\u00e9voluer. Par ailleurs, les renseignements figurant sur le site&nbsp; <a href=\"https:\/\/timammdouar.fr\/en\/\">https:\/\/timammdouar.fr\/<\/a> ne sont pas exhaustifs. Ils sont donn\u00e9s sous r\u00e9serve de modifications ayant \u00e9t\u00e9 apport\u00e9es depuis leur mise en ligne.<\/p>\n\n\n\n<div class=\"wp-block-getwid-advanced-heading\" style=\"margin-top:45px\"><h3 class=\"wp-block-getwid-advanced-heading__content\" style=\"font-weight:normal\">4 . Limitations contractuelles sur les donn\u00e9es techniques.<\/h3><\/div>\n\n\n\n<p>Le site utilise la technologie JavaScript. Le site Internet ne pourra \u00eatre tenu responsable de dommages mat\u00e9riels li\u00e9s \u00e0 l\u2019utilisation du site. De plus, l\u2019utilisateur du site s\u2019engage \u00e0 acc\u00e9der au site en utilisant un mat\u00e9riel r\u00e9cent, ne contenant pas de virus et avec un navigateur de derni\u00e8re g\u00e9n\u00e9ration mis-\u00e0-jour Le site https:\/\/timammdouar.fr\/ est h\u00e9berg\u00e9 chez un prestataire sur le territoire<br> de l\u2019Union Europ\u00e9enne conform\u00e9ment aux dispositions du R\u00e8glement G\u00e9n\u00e9ral sur la Protection des Donn\u00e9es (RGPD&nbsp;: n\u00b0 2016-679)<br><br> L\u2019objectif est d\u2019apporter une prestation qui assure le meilleur taux d\u2019accessibilit\u00e9. L\u2019h\u00e9bergeur assure la continuit\u00e9 de son service 24 Heures sur 24, tous les jours de l\u2019ann\u00e9e. Il se r\u00e9serve n\u00e9anmoins la possibilit\u00e9 d\u2019interrompre le service d\u2019h\u00e9bergement pour les dur\u00e9es les plus courtes possibles notamment \u00e0 des fins de maintenance, d\u2019am\u00e9lioration de ses infrastructures, de d\u00e9faillance de ses infrastructures ou si les Prestations et Services g\u00e9n\u00e8rent un trafic r\u00e9put\u00e9 anormal.<br><br> <a href=\"https:\/\/timammdouar.fr\/en\/\">https:\/\/timammdouar.fr\/<\/a> et l\u2019h\u00e9bergeur ne pourront \u00eatre tenus responsables en cas de dysfonctionnement du r\u00e9seau Internet, des lignes t\u00e9l\u00e9phoniques ou du mat\u00e9riel informatique et de t\u00e9l\u00e9phonie li\u00e9 notamment \u00e0 l\u2019encombrement du r\u00e9seau emp\u00eachant l\u2019acc\u00e8s au serveur.<br><br><strong>Formulaires de contact :<\/strong><br>Lorsque vous envoyez un mail \u00e0 Ti mamm douar par le biais d&rsquo;un de nos formulaire en cochant la case d&rsquo;acceptation de la politique de confidentialit\u00e9, vous acceptez que vos donn\u00e9es personnelles (adresse mail, num\u00e9ro de t\u00e9l\u00e9phone) soient utilis\u00e9es afin de vous r\u00e9pondre ou vous contacter uniquement.<br><br><strong>Cookies :<\/strong><br>Si vous d\u00e9posez un commentaire sur notre site, il vous sera propos\u00e9 d\u2019enregistrer votre nom, adresse de messagerie et site web dans des cookies. C\u2019est uniquement pour votre confort afin de ne pas avoir \u00e0 saisir ces informations si vous d\u00e9posez un autre commentaire plus tard. Ces cookies expirent au bout d\u2019un an.<br><br>Si vous avez un compte et que vous vous connectez sur ce site, un cookie temporaire sera cr\u00e9\u00e9 afin de d\u00e9terminer si votre navigateur accepte les cookies. Il ne contient pas de donn\u00e9es personnelles et sera supprim\u00e9 automatiquement \u00e0 la fermeture de votre navigateur.<br><br>Lorsque vous vous connecterez, nous mettrons en place un certain nombre de cookies pour enregistrer vos informations de connexion et vos pr\u00e9f\u00e9rences d\u2019\u00e9cran. La dur\u00e9e de vie d\u2019un cookie de connexion est de deux jours, celle d\u2019un cookie d\u2019option d\u2019\u00e9cran est d\u2019un an. Si vous cochez \u00ab&nbsp;Se souvenir de moi&nbsp;\u00bb, votre cookie de connexion sera conserv\u00e9 pendant deux semaines. Si vous vous d\u00e9connectez de votre compte, le cookie de connexion sera effac\u00e9.<br><br>En modifiant ou en publiant une publication, un cookie suppl\u00e9mentaire sera enregistr\u00e9 dans votre navigateur. Ce cookie ne comprend aucune donn\u00e9e personnelle. Il indique simplement l\u2019ID de la publication que vous venez de modifier. Il expire au bout d\u2019un jour.<br><br><strong>Contenu embarqu\u00e9 depuis d\u2019autres sites :<\/strong><br>Les articles de ce site peuvent inclure des contenus int\u00e9gr\u00e9s (par exemple des vid\u00e9os, images, articles\u2026). Le contenu int\u00e9gr\u00e9 depuis d\u2019autres sites se comporte de la m\u00eame mani\u00e8re que si le visiteur se rendait sur cet autre site.<br><br>Ces sites web pourraient collecter des donn\u00e9es sur vous, utiliser des cookies, embarquer des outils de suivis tiers, suivre vos interactions avec ces contenus embarqu\u00e9s si vous disposez d\u2019un compte connect\u00e9 sur leur site web.<br><br><strong>Statistiques et mesures d\u2019audience :<\/strong><br>Ti mamm douar utilise Google analytics afin de mesurer l&rsquo;audience de son site https:\/\/timammdouar.fr\/ . Cette analyse utilise le syst\u00e8me des cookies. vous pouvez refuser ces cookies en cliquant sur \u00ab\u00a0non\u00a0\u00bb dans la banni\u00e8re d&rsquo;acceptation des cookies lors de l&rsquo;arriv\u00e9e sur le site.<\/p>\n\n\n\n<div class=\"wp-block-getwid-advanced-heading\" style=\"margin-top:45px\"><h3 class=\"wp-block-getwid-advanced-heading__content\" style=\"font-weight:normal\">5 . Propri\u00e9t\u00e9 intellectuelle et contrefa\u00e7ons.<\/h3><\/div>\n\n\n\n<p><a href=\"https:\/\/timammdouar.fr\/en\/\">https:\/\/timammdouar.fr\/<\/a> est propri\u00e9taire des droits de propri\u00e9t\u00e9 intellectuelle et d\u00e9tient les droits d\u2019usage sur tous les \u00e9l\u00e9ments accessibles sur le site internet, notamment les textes, images, graphismes, logos, vid\u00e9os, ic\u00f4nes et sons. Toute reproduction, repr\u00e9sentation, modification, publication, adaptation de tout ou partie des \u00e9l\u00e9ments du site, quel que soit le moyen ou le proc\u00e9d\u00e9 utilis\u00e9, est interdite, sauf autorisation \u00e9crite pr\u00e9alable de : <a href=\"https:\/\/timammdouar.fr\/en\/\">https:\/\/timammdouar.fr\/<\/a> .<br><br> Toute exploitation non autoris\u00e9e du site ou de l\u2019un quelconque des \u00e9l\u00e9ments qu\u2019il contient sera consid\u00e9r\u00e9e comme constitutive d\u2019une contrefa\u00e7on et poursuivie conform\u00e9ment aux dispositions des articles L.335-2 et suivants du Code de Propri\u00e9t\u00e9 Intellectuelle.<\/p>\n\n\n\n<div class=\"wp-block-getwid-advanced-heading\" style=\"margin-top:45px\"><h3 class=\"wp-block-getwid-advanced-heading__content\" style=\"font-weight:normal\">6 . Limitations de responsabilit\u00e9.<\/h3><\/div>\n\n\n\n<p><a href=\"https:\/\/timammdouar.fr\/en\/\">https:\/\/timammdouar.fr\/<\/a> agit en tant qu\u2019\u00e9diteur du site. <a href=\"https:\/\/timammdouar.fr\/en\/\">https:\/\/timammdouar.fr\/<\/a> est responsable de la qualit\u00e9 et de la v\u00e9racit\u00e9 du Contenu qu\u2019il publie.<br><br> <a href=\"https:\/\/timammdouar.fr\/en\/\">https:\/\/timammdouar.fr\/<\/a> ne pourra \u00eatre tenu responsable des dommages directs et indirects caus\u00e9s au mat\u00e9riel de l\u2019utilisateur, lors de l\u2019acc\u00e8s au site internet <a href=\"https:\/\/timammdouar.fr\/en\/\">https:\/\/timammdouar.fr\/<\/a> , et r\u00e9sultant soit de l\u2019utilisation d\u2019un mat\u00e9riel ne r\u00e9pondant pas aux sp\u00e9cifications indiqu\u00e9es au point 4, soit de l\u2019apparition d\u2019un bug ou d\u2019une incompatibilit\u00e9.<br><br> <a href=\"https:\/\/timammdouar.fr\/en\/\">https:\/\/timammdouar.fr\/<\/a> ne pourra \u00e9galement \u00eatre tenu responsable des dommages indirects (tels par exemple qu\u2019une perte de march\u00e9 ou perte d\u2019une chance) cons\u00e9cutifs \u00e0 l\u2019utilisation du site&nbsp; <a href=\"https:\/\/timammdouar.fr\/en\/\">https:\/\/timammdouar.fr\/<\/a> . Des espaces interactifs (possibilit\u00e9 de poser des questions dans l\u2019espace contact) sont \u00e0 la disposition des utilisateurs. <a href=\"https:\/\/timammdouar.fr\/en\/\">https:\/\/timammdouar.fr\/<\/a> se r\u00e9serve le droit de supprimer, sans mise en demeure pr\u00e9alable, tout contenu d\u00e9pos\u00e9 dans cet espace qui contreviendrait \u00e0 la l\u00e9gislation applicable en France, en particulier aux dispositions relatives \u00e0 la protection des donn\u00e9es. Le cas \u00e9ch\u00e9ant, <a href=\"https:\/\/timammdouar.fr\/en\/\">https:\/\/timammdouar.fr\/<\/a> se r\u00e9serve \u00e9galement la possibilit\u00e9 de mettre en cause la responsabilit\u00e9 civile et\/ou p\u00e9nale de l\u2019utilisateur, notamment en cas de message \u00e0 caract\u00e8re raciste, injurieux, diffamant, ou pornographique, quel que soit le support utilis\u00e9 (texte, photographie \u2026).<\/p>\n\n\n\n<div class=\"wp-block-getwid-advanced-heading\" style=\"margin-top:45px\"><h3 class=\"wp-block-getwid-advanced-heading__content\" style=\"font-weight:normal\">7 . Gestion des donn\u00e9es personnelles.<\/h3><\/div>\n\n\n\n<p>Le Client est inform\u00e9 des r\u00e9glementations concernant la communication marketing, la loi du 21 Juin 2014 pour la confiance dans l\u2019Economie Num\u00e9rique, la Loi Informatique et Libert\u00e9 du 06 Ao\u00fbt 2004 ainsi que du R\u00e8glement G\u00e9n\u00e9ral sur la Protection des Donn\u00e9es (RGPD&nbsp;: n\u00b0 2016-679).<\/p>\n\n\n\n<div class=\"wp-block-getwid-advanced-heading has-custom-font-size\" style=\"font-size:20px;margin-top:30px\"><h4 class=\"wp-block-getwid-advanced-heading__content\" style=\"font-weight:normal\">7 . 1 . Responsables de la collecte des donn\u00e9es personnelles<\/h4><\/div>\n\n\n\n<p>Pour les Donn\u00e9es Personnelles collect\u00e9es dans le cadre de la cr\u00e9ation du compte personnel de l\u2019Utilisateur et de sa navigation sur le Site, le responsable du traitement des Donn\u00e9es Personnelles est : TI MAMM DOUAR. <a href=\"https:\/\/timammdouar.fr\/en\/\">https:\/\/timammdouar.fr\/<\/a> est repr\u00e9sent\u00e9 par DEB\u00c9THUNE, son repr\u00e9sentant l\u00e9gal<br><br> En tant que responsable du traitement des donn\u00e9es qu\u2019il collecte, <a href=\"https:\/\/timammdouar.fr\/en\/\">https:\/\/timammdouar.fr\/<\/a> s\u2019engage \u00e0 respecter le cadre des dispositions l\u00e9gales en vigueur. Il lui appartient notamment au Client d\u2019\u00e9tablir les finalit\u00e9s de ses traitements de donn\u00e9es, de fournir \u00e0 ses prospects et clients, \u00e0 partir de la collecte de leurs consentements, une information compl\u00e8te sur le traitement de leurs donn\u00e9es personnelles et de maintenir un registre des traitements conforme \u00e0 la r\u00e9alit\u00e9. Chaque fois que <a href=\"https:\/\/timammdouar.fr\/en\/\">https:\/\/timammdouar.fr\/<\/a> traite des Donn\u00e9es Personnelles, <a href=\"https:\/\/timammdouar.fr\/en\/\">https:\/\/timammdouar.fr\/<\/a> prend toutes les mesures raisonnables pour s\u2019assurer de l\u2019exactitude et de la pertinence des Donn\u00e9es Personnelles au regard des finalit\u00e9s pour lesquelles <a href=\"https:\/\/timammdouar.fr\/en\/\">https:\/\/timammdouar.fr\/<\/a> les traite.<\/p>\n\n\n\n<div class=\"wp-block-getwid-advanced-heading has-custom-font-size\" style=\"font-size:20px;margin-top:30px\"><h4 class=\"wp-block-getwid-advanced-heading__content\" style=\"font-weight:normal\">7 . 2 . Finalit\u00e9 des donn\u00e9es collect\u00e9es<\/h4><\/div>\n\n\n\n<p><a href=\"https:\/\/timammdouar.fr\/en\/\">https:\/\/timammdouar.fr\/<\/a> est susceptible de traiter tout ou partie des donn\u00e9es :<br><br> pour permettre la navigation sur le Site et la gestion et la tra\u00e7abilit\u00e9 des prestations et services command\u00e9s par l\u2019utilisateur : donn\u00e9es de connexion et d\u2019utilisation du Site, facturation, historique des commandes, etc.<br> &nbsp;<br> pour pr\u00e9venir et lutter contre la fraude informatique (spamming, hacking\u2026) : mat\u00e9riel informatique utilis\u00e9 pour la navigation, l\u2019adresse IP, le mot de passe (hash\u00e9)<br> &nbsp;<br> pour am\u00e9liorer la navigation sur le Site : donn\u00e9es de connexion et d\u2019utilisation<br> &nbsp;<br> pour mener des enqu\u00eates de satisfaction facultatives sur <a href=\"https:\/\/timammdouar.fr\/en\/\">https:\/\/timammdouar.fr\/<\/a> : adresse email pour mener des campagnes de communication (sms, mail) : num\u00e9ro de t\u00e9l\u00e9phone, adresse email <a href=\"https:\/\/timammdouar.fr\/en\/\">https:\/\/timammdouar.fr\/<\/a> ne commercialise pas vos donn\u00e9es personnelles qui sont donc uniquement utilis\u00e9es par n\u00e9cessit\u00e9 ou \u00e0 des fins statistiques et d\u2019analyses.<\/p>\n\n\n\n<div class=\"wp-block-getwid-advanced-heading has-custom-font-size\" style=\"font-size:20px;margin-top:30px\"><h4 class=\"wp-block-getwid-advanced-heading__content\" style=\"font-weight:normal\">7 . 3 . Droit d\u2019acc\u00e8s, de rectification et d\u2019opposition<\/h4><\/div>\n\n\n\n<p>Conform\u00e9ment \u00e0 la r\u00e9glementation europ\u00e9enne en vigueur, les Utilisateurs de<br> <a href=\"https:\/\/timammdouar.fr\/en\/\">https:\/\/timammdouar.fr\/<\/a> disposent des droits suivants :<br> &nbsp;<br> droit d&rsquo;acc\u00e8s (article 15 RGPD) et de rectification (article 16 RGPD), de mise \u00e0 jour, de compl\u00e9tude des donn\u00e9es des Utilisateurs droit de verrouillage ou d\u2019effacement des donn\u00e9es des Utilisateurs \u00e0 caract\u00e8re personnel (article 17 du RGPD), lorsqu\u2019elles sont inexactes, incompl\u00e8tes, \u00e9quivoques, p\u00e9rim\u00e9es, ou dont la collecte, l&rsquo;utilisation, la communication ou la conservation est interdite<br><br> droit de retirer \u00e0 tout moment un consentement (article 13-2c RGPD)<br><br>droit \u00e0 la limitation du traitement des donn\u00e9es des Utilisateurs (article 18 RGPD)<br><br>droit d\u2019opposition au traitement des donn\u00e9es des Utilisateurs (article 21 RGPD)<br><br>droit \u00e0 la portabilit\u00e9 des donn\u00e9es que les Utilisateurs auront fournies, lorsque ces donn\u00e9es font l\u2019objet de traitements automatis\u00e9s fond\u00e9s sur leur consentement ou sur un contrat (article 20 RGPD)<br><br>droit de d\u00e9finir le sort des donn\u00e9es des Utilisateurs apr\u00e8s leur mort et de choisir \u00e0 qui <a href=\"https:\/\/timammdouar.fr\/en\/\">https:\/\/timammdouar.fr\/<\/a> devra communiquer (ou non) ses donn\u00e9es \u00e0 un tiers qu\u2019ils aura pr\u00e9alablement d\u00e9sign\u00e9<br><br>D\u00e8s que <a href=\"https:\/\/timammdouar.fr\/en\/\">https:\/\/timammdouar.fr\/<\/a> a connaissance du d\u00e9c\u00e8s d\u2019un Utilisateur et \u00e0 d\u00e9faut d\u2019instructions de sa part, <a href=\"https:\/\/timammdouar.fr\/en\/\">https:\/\/timammdouar.fr\/<\/a> s\u2019engage \u00e0 d\u00e9truire ses donn\u00e9es, sauf si leur conservation s\u2019av\u00e8re n\u00e9cessaire \u00e0 des fins probatoires ou pour r\u00e9pondre \u00e0 une obligation l\u00e9gale.<br><br> Si l\u2019Utilisateur souhaite savoir comment <a href=\"https:\/\/timammdouar.fr\/en\/\">https:\/\/timammdouar.fr\/<\/a> utilise ses Donn\u00e9es Personnelles,  demander \u00e0 les rectifier ou s\u2019oppose \u00e0 leur traitement, l\u2019Utilisateur peut contacter <a href=\"https:\/\/timammdouar.fr\/en\/\">https:\/\/timammdouar.fr\/<\/a> par \u00e9crit \u00e0 l\u2019adresse suivante :<br><br> TI MAMM DOUAR \u2013 DPO, DEB\u00c9THUNE<br> Ar Vern 29520 LAZ. &nbsp;<br> Dans ce cas, l\u2019Utilisateur doit indiquer les Donn\u00e9es Personnelles qu\u2019il souhaiterait que <a href=\"https:\/\/timammdouar.fr\/en\/\">https:\/\/timammdouar.fr\/<\/a> corrige, mette \u00e0 jour ou supprime, en s\u2019identifiant pr\u00e9cis\u00e9ment avec une copie d\u2019une pi\u00e8ce d\u2019identit\u00e9 (carte d\u2019identit\u00e9 ou passeport).<br><br>Les demandes de suppression de Donn\u00e9es Personnelles seront soumises aux obligations qui sont impos\u00e9es \u00e0 <a href=\"https:\/\/timammdouar.fr\/en\/\">https:\/\/timammdouar.fr\/<\/a> par la loi, notamment en mati\u00e8re de conservation ou d\u2019archivage des documents. Enfin, les Utilisateurs de <a href=\"https:\/\/timammdouar.fr\/en\/\">https:\/\/timammdouar.fr\/<\/a> peuvent d\u00e9poser une r\u00e9clamation aupr\u00e8s des autorit\u00e9s de contr\u00f4le, et notamment de la CNIL (<a aria-label=\"https:\/\/www.cnil.fr\/fr\/plaintes (opens in a new tab)\" href=\"https:\/\/www.cnil.fr\/fr\/plaintes\" target=\"_blank\" rel=\"noreferrer noopener\">https:\/\/www.cnil.fr\/fr\/plaintes<\/a>).<\/p>\n\n\n\n<div class=\"wp-block-getwid-advanced-heading has-custom-font-size\" style=\"font-size:20px;margin-top:30px\"><h4 class=\"wp-block-getwid-advanced-heading__content\" style=\"font-weight:normal\">7 . 4 . Non-communication des donn\u00e9es personnelles<\/h4><\/div>\n\n\n\n<p><a href=\"https:\/\/timammdouar.fr\/en\/\">https:\/\/timammdouar.fr\/<\/a> s\u2019interdit de traiter, h\u00e9berger ou transf\u00e9rer les Informations collect\u00e9es sur ses Clients vers un pays situ\u00e9 en dehors de l\u2019Union europ\u00e9enne ou reconnu comme \u00ab&nbsp;non ad\u00e9quat&nbsp;\u00bb par la Commission europ\u00e9enne sans en informer pr\u00e9alablement le client. Pour autant, <a href=\"https:\/\/timammdouar.fr\/en\/\">https:\/\/timammdouar.fr\/<\/a> reste libre du choix de ses sous-traitants techniques et commerciaux \u00e0 la condition qu\u2019il pr\u00e9sentent les garanties suffisantes au regard des exigences du R\u00e8glement G\u00e9n\u00e9ral sur la Protection des Donn\u00e9es (RGPD&nbsp;: n\u00b0 2016-679).<br><br> <a href=\"https:\/\/timammdouar.fr\/en\/\">https:\/\/timammdouar.fr\/<\/a> s\u2019engage \u00e0 prendre toutes les pr\u00e9cautions n\u00e9cessaires afin de pr\u00e9server la s\u00e9curit\u00e9 des Informations et notamment qu\u2019elles ne soient pas communiqu\u00e9es \u00e0 des personnes non autoris\u00e9es. Cependant, si un incident impactant l\u2019int\u00e9grit\u00e9 ou la confidentialit\u00e9 des Informations du Client est port\u00e9e \u00e0 la connaissance de <a href=\"https:\/\/timammdouar.fr\/en\/\">https:\/\/timammdouar.fr\/<\/a> , celle-ci devra dans les meilleurs d\u00e9lais informer le Client et lui communiquer les mesures de corrections prises. Par ailleurs <a href=\"https:\/\/timammdouar.fr\/en\/\">https:\/\/timammdouar.fr\/<\/a> ne collecte aucune \u00ab&nbsp;donn\u00e9es sensibles&nbsp;\u00bb.<br><br>Les Donn\u00e9es Personnelles de l\u2019Utilisateur peuvent \u00eatre trait\u00e9es par des filiales de <a href=\"https:\/\/timammdouar.fr\/en\/\">https:\/\/timammdouar.fr\/<\/a> et des sous-traitants (prestataires de services), exclusivement afin de r\u00e9aliser les finalit\u00e9s de la pr\u00e9sente politique.<br><br>Dans la limite de leurs attributions respectives et pour les finalit\u00e9s rappel\u00e9es ci-dessus, les principales personnes susceptibles d\u2019avoir acc\u00e8s aux donn\u00e9es des Utilisateurs de <a href=\"https:\/\/timammdouar.fr\/en\/\">https:\/\/timammdouar.fr\/<\/a> sont principalement les agents de notre service client.<\/p>\n\n\n\n<div class=\"wp-block-getwid-advanced-heading\" style=\"margin-top:45px\"><h3 class=\"wp-block-getwid-advanced-heading__content\" style=\"font-weight:normal\">8 . Notification d\u2019incident<\/h3><\/div>\n\n\n\n<p>Quels que soient les efforts fournis, aucune m\u00e9thode de transmission sur Internet et aucune m\u00e9thode de stockage \u00e9lectronique n&rsquo;est compl\u00e8tement s\u00fbre. Nous ne pouvons en cons\u00e9quence pas garantir une s\u00e9curit\u00e9 absolue. Si nous prenions connaissance d&rsquo;une br\u00e8che de la s\u00e9curit\u00e9, nous avertirions les utilisateurs concern\u00e9s afin qu&rsquo;ils puissent prendre les mesures appropri\u00e9es. Nos proc\u00e9dures de notification d\u2019incident tiennent compte de nos obligations l\u00e9gales, qu&rsquo;elles se situent au niveau national ou europ\u00e9en. Nous nous engageons \u00e0 informer pleinement nos clients de toutes les questions relevant de la s\u00e9curit\u00e9 de leur compte et \u00e0 leur fournir toutes les informations n\u00e9cessaires pour les aider \u00e0 respecter leurs propres obligations r\u00e9glementaires en mati\u00e8re de reporting.<br><br> Aucune information personnelle de l&rsquo;utilisateur du site&nbsp; <a href=\"https:\/\/timammdouar.fr\/en\/\">https:\/\/timammdouar.fr\/<\/a> n&rsquo;est publi\u00e9e \u00e0 l&rsquo;insu de l&rsquo;utilisateur, \u00e9chang\u00e9e, transf\u00e9r\u00e9e, c\u00e9d\u00e9e ou vendue sur un support quelconque \u00e0 des tiers. Seule l&rsquo;hypoth\u00e8se du rachat de <a href=\"https:\/\/timammdouar.fr\/en\/\">https:\/\/timammdouar.fr\/<\/a> et de ses droits permettrait la transmission des dites informations \u00e0 l&rsquo;\u00e9ventuel acqu\u00e9reur qui serait \u00e0 son tour tenu de la m\u00eame obligation de conservation et de modification des donn\u00e9es vis \u00e0 vis de l&rsquo;utilisateur du site&nbsp; <a href=\"https:\/\/timammdouar.fr\/en\/\">https:\/\/timammdouar.fr\/<\/a> .<br><br><strong>S\u00e9curit\u00e9<\/strong><br>Pour assurer la s\u00e9curit\u00e9 et la confidentialit\u00e9 des Donn\u00e9es Personnelles et des Donn\u00e9es Personnelles de Sant\u00e9, <a href=\"https:\/\/timammdouar.fr\/en\/\">https:\/\/timammdouar.fr\/<\/a> utilise des r\u00e9seaux prot\u00e9g\u00e9s par des dispositifs standards tels que par pare-feu, la pseudonymisation, l\u2019encryption et mot de passe.<br><br>Lors du traitement des Donn\u00e9es Personnelles, <a href=\"https:\/\/timammdouar.fr\/en\/\">https:\/\/timammdouar.fr\/<\/a> prend toutes les mesures raisonnables visant \u00e0 les prot\u00e9ger contre toute perte, utilisation d\u00e9tourn\u00e9e, acc\u00e8s non autoris\u00e9, divulgation, alt\u00e9ration ou destruction.<\/p>\n\n\n\n<p><\/p>\n<\/div><\/div><\/div><\/div><\/div><\/div>","protected":false},"excerpt":{"rendered":"<p>Ce site Internet constitue une \u0153uvre prot\u00e9g\u00e9e en France par le Code de la Propri\u00e9t\u00e9 Intellectuelle, et \u00e0 l&rsquo;\u00e9tranger par les conventions internationales en vigueur<a href=\"https:\/\/timammdouar.fr\/en\/mentions-legales\/\" class=\"more-link\">View More<\/a><\/p>","protected":false},"author":1,"featured_media":0,"parent":0,"menu_order":12,"comment_status":"closed","ping_status":"open","template":"","meta":{"_acf_changed":false,"footnotes":""},"class_list":["post-3","page","type-page","status-publish","hentry"],"acf":[],"featured_image_urls_v2":{"full":"","thumbnail":"","medium":"","medium_large":"","large":"","1536x1536":"","2048x2048":"","trp-custom-language-flag":"","extension-popular-post":"","woocommerce_thumbnail":"","woocommerce_single":"","woocommerce_gallery_thumbnail":""},"post_excerpt_stackable_v2":"<p>Mentions l\u00e9gales Propri\u00e9t\u00e9 intellectuelle Ce site Internet constitue une \u0153uvre prot\u00e9g\u00e9e en France par le Code de la Propri\u00e9t\u00e9 Intellectuelle, et \u00e0 l&rsquo;\u00e9tranger par les conventions internationales en vigueur sur le droit d&rsquo;auteur. Toute reproduction ou utilisation d&rsquo;\u00e9l\u00e9ments du site TI MAMM DOUAR sans autorisation \u00e9crite pr\u00e9alable est strictement interdite et constitue un d\u00e9lit de contrefa\u00e7on passible, aux termes de l&rsquo;article L.335-2 du Code de la Propri\u00e9t\u00e9 Intellectuelle, de trois ans d&#8217;emprisonnement et de 300&nbsp;000&nbsp;\u20ac d&rsquo;amende.Par ailleurs, les noms de produits ou d&rsquo;entreprises mentionn\u00e9s sur le site TI MAMM DOUAR peuvent \u00eatre des marques commerciales ou des marques d\u00e9pos\u00e9es appartenant&hellip;<\/p>\n","category_list_v2":"","author_info_v2":{"name":"dlaxcess_timamm","url":"https:\/\/timammdouar.fr\/en\/author\/dlaxcess_timamm\/"},"comments_num_v2":"0 comments","yoast_head":"<!-- This site is optimized with the Yoast SEO plugin v27.5 - https:\/\/yoast.com\/product\/yoast-seo-wordpress\/ -->\n<title>Mentions l\u00e9gales - Ti mamm douar<\/title>\n<meta name=\"robots\" content=\"index, follow, max-snippet:-1, max-image-preview:large, max-video-preview:-1\" \/>\n<link rel=\"canonical\" href=\"https:\/\/timammdouar.fr\/en\/mentions-legales\/\" \/>\n<meta property=\"og:locale\" content=\"en_GB\" \/>\n<meta property=\"og:type\" content=\"article\" \/>\n<meta property=\"og:title\" content=\"Mentions l\u00e9gales - Ti mamm douar\" \/>\n<meta property=\"og:description\" content=\"Ce site Internet constitue une \u0153uvre prot\u00e9g\u00e9e en France par le Code de la Propri\u00e9t\u00e9 Intellectuelle, et \u00e0 l&rsquo;\u00e9tranger par les conventions internationales en vigueurView More\" \/>\n<meta property=\"og:url\" content=\"https:\/\/timammdouar.fr\/en\/mentions-legales\/\" \/>\n<meta property=\"og:site_name\" content=\"Ti mamm douar\" \/>\n<meta property=\"article:publisher\" content=\"https:\/\/www.facebook.com\/Timammdouar.fermeagroeco\/\" \/>\n<meta property=\"article:modified_time\" content=\"2026-04-27T14:38:42+00:00\" \/>\n<meta name=\"twitter:card\" content=\"summary_large_image\" \/>\n<meta name=\"twitter:label1\" content=\"Estimated reading time\" \/>\n\t<meta name=\"twitter:data1\" content=\"15 minutes\" \/>\n<script type=\"application\/ld+json\" class=\"yoast-schema-graph\">{\"@context\":\"https:\\\/\\\/schema.org\",\"@graph\":[{\"@type\":\"WebPage\",\"@id\":\"https:\\\/\\\/timammdouar.fr\\\/mentions-legales\\\/\",\"url\":\"https:\\\/\\\/timammdouar.fr\\\/mentions-legales\\\/\",\"name\":\"Mentions l\u00e9gales - Ti mamm douar\",\"isPartOf\":{\"@id\":\"https:\\\/\\\/timammdouar.fr\\\/#website\"},\"datePublished\":\"2020-03-21T10:43:51+00:00\",\"dateModified\":\"2026-04-27T14:38:42+00:00\",\"breadcrumb\":{\"@id\":\"https:\\\/\\\/timammdouar.fr\\\/mentions-legales\\\/#breadcrumb\"},\"inLanguage\":\"en-GB\",\"potentialAction\":[{\"@type\":\"ReadAction\",\"target\":[\"https:\\\/\\\/timammdouar.fr\\\/mentions-legales\\\/\"]}]},{\"@type\":\"BreadcrumbList\",\"@id\":\"https:\\\/\\\/timammdouar.fr\\\/mentions-legales\\\/#breadcrumb\",\"itemListElement\":[{\"@type\":\"ListItem\",\"position\":1,\"name\":\"Accueil\",\"item\":\"https:\\\/\\\/timammdouar.fr\\\/\"},{\"@type\":\"ListItem\",\"position\":2,\"name\":\"Mentions l\u00e9gales\"}]},{\"@type\":\"WebSite\",\"@id\":\"https:\\\/\\\/timammdouar.fr\\\/#website\",\"url\":\"https:\\\/\\\/timammdouar.fr\\\/\",\"name\":\"Ti mamm douar\",\"description\":\"Ferme agro-\u00e9cologique des montagnes noires\",\"publisher\":{\"@id\":\"https:\\\/\\\/timammdouar.fr\\\/#organization\"},\"potentialAction\":[{\"@type\":\"SearchAction\",\"target\":{\"@type\":\"EntryPoint\",\"urlTemplate\":\"https:\\\/\\\/timammdouar.fr\\\/?s={search_term_string}\"},\"query-input\":{\"@type\":\"PropertyValueSpecification\",\"valueRequired\":true,\"valueName\":\"search_term_string\"}}],\"inLanguage\":\"en-GB\"},{\"@type\":\"Organization\",\"@id\":\"https:\\\/\\\/timammdouar.fr\\\/#organization\",\"name\":\"Ti mamm douar\",\"url\":\"https:\\\/\\\/timammdouar.fr\\\/\",\"logo\":{\"@type\":\"ImageObject\",\"inLanguage\":\"en-GB\",\"@id\":\"https:\\\/\\\/timammdouar.fr\\\/#\\\/schema\\\/logo\\\/image\\\/\",\"url\":\"https:\\\/\\\/timammdouar.fr\\\/wp-content\\\/uploads\\\/2020\\\/03\\\/cropped-WEB-Logo-NB_TI-MAMM-DOUAR_2019-e1584807257800-1.png\",\"contentUrl\":\"https:\\\/\\\/timammdouar.fr\\\/wp-content\\\/uploads\\\/2020\\\/03\\\/cropped-WEB-Logo-NB_TI-MAMM-DOUAR_2019-e1584807257800-1.png\",\"width\":225,\"height\":224,\"caption\":\"Ti mamm douar\"},\"image\":{\"@id\":\"https:\\\/\\\/timammdouar.fr\\\/#\\\/schema\\\/logo\\\/image\\\/\"},\"sameAs\":[\"https:\\\/\\\/www.facebook.com\\\/Timammdouar.fermeagroeco\\\/\",\"https:\\\/\\\/www.instagram.com\\\/timammdouar\\\/\"]}]}<\/script>\n<!-- \/ Yoast SEO plugin. -->","yoast_head_json":{"title":"Mentions l\u00e9gales - Ti mamm douar","robots":{"index":"index","follow":"follow","max-snippet":"max-snippet:-1","max-image-preview":"max-image-preview:large","max-video-preview":"max-video-preview:-1"},"canonical":"https:\/\/timammdouar.fr\/en\/mentions-legales\/","og_locale":"en_GB","og_type":"article","og_title":"Mentions l\u00e9gales - Ti mamm douar","og_description":"Ce site Internet constitue une \u0153uvre prot\u00e9g\u00e9e en France par le Code de la Propri\u00e9t\u00e9 Intellectuelle, et \u00e0 l&rsquo;\u00e9tranger par les conventions internationales en vigueurView More","og_url":"https:\/\/timammdouar.fr\/en\/mentions-legales\/","og_site_name":"Ti mamm douar","article_publisher":"https:\/\/www.facebook.com\/Timammdouar.fermeagroeco\/","article_modified_time":"2026-04-27T14:38:42+00:00","twitter_card":"summary_large_image","twitter_misc":{"Estimated reading time":"15 minutes"},"schema":{"@context":"https:\/\/schema.org","@graph":[{"@type":"WebPage","@id":"https:\/\/timammdouar.fr\/mentions-legales\/","url":"https:\/\/timammdouar.fr\/mentions-legales\/","name":"Mentions l\u00e9gales - Ti mamm douar","isPartOf":{"@id":"https:\/\/timammdouar.fr\/#website"},"datePublished":"2020-03-21T10:43:51+00:00","dateModified":"2026-04-27T14:38:42+00:00","breadcrumb":{"@id":"https:\/\/timammdouar.fr\/mentions-legales\/#breadcrumb"},"inLanguage":"en-GB","potentialAction":[{"@type":"ReadAction","target":["https:\/\/timammdouar.fr\/mentions-legales\/"]}]},{"@type":"BreadcrumbList","@id":"https:\/\/timammdouar.fr\/mentions-legales\/#breadcrumb","itemListElement":[{"@type":"ListItem","position":1,"name":"Accueil","item":"https:\/\/timammdouar.fr\/"},{"@type":"ListItem","position":2,"name":"Mentions l\u00e9gales"}]},{"@type":"WebSite","@id":"https:\/\/timammdouar.fr\/#website","url":"https:\/\/timammdouar.fr\/","name":"Ti mamm douar","description":"Ferme agro-\u00e9cologique des montagnes noires","publisher":{"@id":"https:\/\/timammdouar.fr\/#organization"},"potentialAction":[{"@type":"SearchAction","target":{"@type":"EntryPoint","urlTemplate":"https:\/\/timammdouar.fr\/?s={search_term_string}"},"query-input":{"@type":"PropertyValueSpecification","valueRequired":true,"valueName":"search_term_string"}}],"inLanguage":"en-GB"},{"@type":"Organization","@id":"https:\/\/timammdouar.fr\/#organization","name":"Ti mamm douar","url":"https:\/\/timammdouar.fr\/","logo":{"@type":"ImageObject","inLanguage":"en-GB","@id":"https:\/\/timammdouar.fr\/#\/schema\/logo\/image\/","url":"https:\/\/timammdouar.fr\/wp-content\/uploads\/2020\/03\/cropped-WEB-Logo-NB_TI-MAMM-DOUAR_2019-e1584807257800-1.png","contentUrl":"https:\/\/timammdouar.fr\/wp-content\/uploads\/2020\/03\/cropped-WEB-Logo-NB_TI-MAMM-DOUAR_2019-e1584807257800-1.png","width":225,"height":224,"caption":"Ti mamm douar"},"image":{"@id":"https:\/\/timammdouar.fr\/#\/schema\/logo\/image\/"},"sameAs":["https:\/\/www.facebook.com\/Timammdouar.fermeagroeco\/","https:\/\/www.instagram.com\/timammdouar\/"]}]}},"_links":{"self":[{"href":"https:\/\/timammdouar.fr\/en\/wp-json\/wp\/v2\/pages\/3","targetHints":{"allow":["GET"]}}],"collection":[{"href":"https:\/\/timammdouar.fr\/en\/wp-json\/wp\/v2\/pages"}],"about":[{"href":"https:\/\/timammdouar.fr\/en\/wp-json\/wp\/v2\/types\/page"}],"author":[{"embeddable":true,"href":"https:\/\/timammdouar.fr\/en\/wp-json\/wp\/v2\/users\/1"}],"replies":[{"embeddable":true,"href":"https:\/\/timammdouar.fr\/en\/wp-json\/wp\/v2\/comments?post=3"}],"version-history":[{"count":0,"href":"https:\/\/timammdouar.fr\/en\/wp-json\/wp\/v2\/pages\/3\/revisions"}],"wp:attachment":[{"href":"https:\/\/timammdouar.fr\/en\/wp-json\/wp\/v2\/media?parent=3"}],"curies":[{"name":"wp","href":"https:\/\/api.w.org\/{rel}","templated":true}]}}